{"version":"1.0","provider_name":"Drivin","provider_url":"https:\/\/drivin.com.br","author_name":"admin","author_url":"https:\/\/drivin.com.br\/index.php\/author\/admin_drivin\/","title":"S\u0105 nowe cz\u0142onkinie RPP Z\u0142o\u017cy\u0142y przysi\u0119g\u0119 przed Sejmem - Drivin","type":"rich","width":600,"height":338,"html":"<blockquote class=\"wp-embedded-content\" data-secret=\"tbs6A5YSyq\"><a href=\"https:\/\/drivin.com.br\/index.php\/2023\/01\/20\/sa-nowe-czlonkinie-rpp-zlozyly-przysiege-przed\/\">S\u0105 nowe cz\u0142onkinie RPP  Z\u0142o\u017cy\u0142y przysi\u0119g\u0119 przed Sejmem<\/a><\/blockquote><iframe sandbox=\"allow-scripts\" security=\"restricted\" src=\"https:\/\/drivin.com.br\/index.php\/2023\/01\/20\/sa-nowe-czlonkinie-rpp-zlozyly-przysiege-przed\/embed\/#?secret=tbs6A5YSyq\" width=\"600\" height=\"338\" title=\"&#8220;S\u0105 nowe cz\u0142onkinie RPP  Z\u0142o\u017cy\u0142y przysi\u0119g\u0119 przed Sejmem&#8221; &#8212; Drivin\" data-secret=\"tbs6A5YSyq\" frameborder=\"0\" marginwidth=\"0\" marginheight=\"0\" scrolling=\"no\" class=\"wp-embedded-content\"><\/iframe><script>\n\/*! This file is auto-generated *\/\n!function(d,l){\"use strict\";l.querySelector&&d.addEventListener&&\"undefined\"!=typeof URL&&(d.wp=d.wp||{},d.wp.receiveEmbedMessage||(d.wp.receiveEmbedMessage=function(e){var t=e.data;if((t||t.secret||t.message||t.value)&&!\/[^a-zA-Z0-9]\/.test(t.secret)){for(var s,r,n,a=l.querySelectorAll('iframe[data-secret=\"'+t.secret+'\"]'),o=l.querySelectorAll('blockquote[data-secret=\"'+t.secret+'\"]'),c=new RegExp(\"^https?:$\",\"i\"),i=0;i<o.length;i++)o[i].style.display=\"none\";for(i=0;i<a.length;i++)s=a[i],e.source===s.contentWindow&&(s.removeAttribute(\"style\"),\"height\"===t.message?(1e3<(r=parseInt(t.value,10))?r=1e3:~~r<200&&(r=200),s.height=r):\"link\"===t.message&&(r=new URL(s.getAttribute(\"src\")),n=new URL(t.value),c.test(n.protocol))&&n.host===r.host&&l.activeElement===s&&(d.top.location.href=t.value))}},d.addEventListener(\"message\",d.wp.receiveEmbedMessage,!1),l.addEventListener(\"DOMContentLoaded\",function(){for(var e,t,s=l.querySelectorAll(\"iframe.wp-embedded-content\"),r=0;r<s.length;r++)(t=(e=s[r]).getAttribute(\"data-secret\"))||(t=Math.random().toString(36).substring(2,12),e.src+=\"#?secret=\"+t,e.setAttribute(\"data-secret\",t)),e.contentWindow.postMessage({message:\"ready\",secret:t},\"*\")},!1)))}(window,document);\n\/\/# sourceURL=https:\/\/drivin.com.br\/wp-includes\/js\/wp-embed.min.js\n<\/script>\n","description":"Po czym nast\u0105pi\u0142o g\u0142osowanie w Sejmie i decyzj\u0105 pos\u0142\u00f3w PiS zosta\u0142a w\u0142\u0105czona w poczet RPP. Sprawdzi\u0142a si\u0119 w studiu Radia Maryja, w Sejmie wiernie oddana Prawu i Sprawiedliwo\u015bci. Decydowa\u0142a o tym, czy nasze kredyty b\u0119d\u0105 tania\u0142y, czy dro\u017ca\u0142y. Gabriela Mas\u0142owska do\u0142\u0105cza do Rady Polityki Pieni\u0119\u017cnej. Wraz z ni\u0105 cz\u0142onkini\u0105 RPP zosta\u0142a Iwona Duda. Gabriela Mas\u0142owska by\u0142a pos\u0142em na Sejm IV, V, VI, VII ,VIII a tak\u017ce IX &#8211; obecnej kadencji Sejmu. Najwidoczniej sprawy prywatne uda\u0142o si\u0119 pouk\u0142ada\u0107, bo ju\u017c w pa\u017adzierniku nie odm\u00f3wi\u0142a prezesowi Kaczy\u0144skiemu i ca\u0142ej rz\u0105dz\u0105cej formacji \u2013 kandydatur\u0119 przyj\u0119\u0142a. Sprawdzi\u0142a si\u0119 w studiu Radia Maryja, w Sejmie wiernie oddana Prawu i Sprawiedliwo\u015bci. Reporter TVN24 Radomir Wit rozmawia\u0142 w pi\u0105tek w Sejmie z Gabriel\u0105 Mas\u0142owsk\u0105, pos\u0142ank\u0105 Prawa i Sprawiedliwo\u015bci, kandydatk\u0105 do Rady Polityki Pieni\u0119\u017cnej. Po listopadowej projekcji inflacji nale\u017cy podj\u0105\u0107 decyzj\u0119, czy dalej umiarkowanie podwy\u017csza\u0107 stopy procentowe, czy te\u017c pozostawi\u0107 je bez zmian, ale na d\u0142u\u017cej \u2014 napisa\u0142a w artykule dla Radia Maryja cz\u0142onkini RPP Gabriela Mas\u0142owska. Je\u015bli si\u0119 oka\u017ce, \u017ce jeszcze nie ma efekt\u00f3w, to przypuszczam, ze niewielka podwy\u017cka st\u00f3p b\u0119dzie konieczna, ale uwa\u017cam, \u017ce nale\u017cy poczeka\u0107 i oceni\u0107 efekty dotychczasowych dzia\u0142a\u0144\u201d \u2013 powiedzia\u0142a Gabriela Mas\u0142owska. Jak m\u00f3wi\u0142, nie powinno si\u0119 tego robi\u0107; pochwali\u0142 te\u017c \u015brodow\u0105 decyzj\u0119 Rady, kt\u00f3ra nie zmieni\u0142a st\u00f3p procentowych. Wed\u0142ug niego skutki dalszych podwy\u017cek st\u00f3p by\u0142by \u201ebardzo negatywne\u201d i wpycha\u0142yby gospodark\u0119 w recesj\u0119. Szlinder uwa\u017ca, \u017ce RPP ma do\u015b\u0107 ograniczone mo\u017cliwo\u015bci walki z inflacj\u0105. Doda\u0142, \u017ce za wysok\u0105 inflacj\u0119 odpowiada teraz \u201emar\u017cowy boom\u201d. \u2013 Sytuacja \u015brednich i du\u017cych przedsi\u0119biorstw jest dobra jak nigdy. Problem inflacyjny zrzucony jest na pracownik\u00f3w i konsument\u00f3w \u2013 powiedzia\u0142. Specjalizuje si\u0119 w ekonomii mi\u0119dzynarodowej, ekonomii sektora publicznego oraz historii gospodarczej. Mas\u0142owska podczas posiedzenia komisji zwr\u00f3ci\u0142a uwag\u0119, \u017ce obecnie wida\u0107 sygna\u0142y os\u0142abienia w gospodarce. Pozytywn\u0105 rekomendacj\u0119 uzyska\u0142a r\u00f3wnie\u017c druga kandydatka zg\u0142oszona przez PiS-&nbsp; Iwona Duda. Komisja nie popar\u0142a natomiast kandydatur zg\u0142oszonych przez Lewic\u0119 \u2013 Dariusza Standerskiego oraz Macieja Szlindera. Senat powo\u0142a\u0142 Joann\u0119 Bo\u017cen\u0119 Tyrowicz na stanowisko Algorytm handlowy Do czego potrzebny jest przedsi\u0119biorca? cz\u0142onka Rady Polityki Pieni\u0119\u017cnej. Najwidoczniej sprawy prywatne uda\u0142o si\u0119 pouk\u0142ada\u0107, bo ju\u017c w pa\u017adzierniku nie odm\u00f3wi\u0142a prezesowi Kaczy\u0144skiemu i ca\u0142ej rz\u0105dz\u0105cej formacji \u2013 kandydatur\u0119 przyj\u0119\u0142a. Gabriela Mas\u0142owska z rekomendacj\u0105 Komisji Finans\u00f3w Publicznych do RPP Ju\u017c w styczniu pos\u0142owie PiS zg\u0142osili Mas\u0142owsk\u0105 na kandydatk\u0119 do RPP, ta jednak wycofa\u0142a si\u0119, uzasadniaj\u0105c to &#8220;przyczynami osobistymi&#8221;. Jej kandydatura zosta\u0142a zg\u0142oszona ponownie pod koniec wrze\u015bnia tego roku. \u2013 W najbli\u017cszym czasie mo\u017ce pojawi\u0107 si\u0119 przestrze\u0144 do obni\u017cenia st\u00f3p procentowych \u2013 zapowiedzia\u0142 szef NBP Adam G&#8230; Mimo, \u017ce cykl podwy\u017cek st\u00f3p nie zosta\u0142 zako\u0144czony to s\u0105 one ma\u0142o prawdopodobne &#8211; napisa\u0142a w felietonie dla Radia Maryja, cz\u0142onek RPP Gabriela Mas\u0142owska. Jako wyk\u0142adowczyni zwi\u0105zana tak\u017ce z Wy\u017csz\u0105 Szko\u0142\u0105 Kultury Spo\u0142ecznej i Medialnej w Toruniu3. Wyrazi\u0142a pozytywn\u0105 opini\u0119 na temat repolonizacji sektora bankowego w Polsce. W jej ocenie, struktura w\u0142asno\u015bciowa sektora bankowego ma wp\u0142yw na skuteczno\u015b\u0107 prowadzenia polityki pieni\u0119\u017cnej. Zg\u0142oszona przez Prawo i Sprawiedliwo\u015b\u0107 pos\u0142anka z wojew\u00f3dztwa lubelskiego Gabriela Mas\u0142owska (na zdj.) otrzyma\u0142a w \u015brod\u0119 (05.10) pozytywn\u0105 opini\u0119 sejmowej komisji finans\u00f3w, jako kandydatka do Rady Polityki Pieni\u0119\u017cnej. Jej zdaniem &#8220;nie podwa\u017ca to zupe\u0142nie wiarygodno\u015bci prezesa Glapi\u0144skiego, bo tak w\u0142a\u015bnie zmienia\u0142a si\u0119&nbsp;sytuacja&#8221;. &#8211; Te wska\u017aniki, kt\u00f3re bierzemy pod uwag\u0119 przy szacowaniu przysz\u0142ej inflacji, ulegaj\u0105&nbsp;zmianie pod wp\u0142ywem sytuacji \u015bwiatowej. RPP zdecydowa\u0142a o stopach procentowych. Kluczowe informacje dla kredytobiorc\u00f3w Na pocz\u0105tku wrze\u015bnia 2022 Senat powo\u0142a\u0142 Joann\u0119 Bo\u017cen\u0119 Tyrowicz na stanowisko cz\u0142onka Rady Polityki Pieni\u0119\u017cnej. Senat uzupe\u0142ni\u0142 sk\u0142ad RPP w zwi\u0105zku z rezygnacj\u0105 ze stanowiska przez Rafa\u0142a Sur\u0119, kt\u00f3ry zosta\u0142 powo\u0142any pod koniec lipca do Zarz\u0105du NBP. Dariusz Standerski to ekonomista i prawnik, absolwent Wydzia\u0142u Prawa i Administracji oraz Wydzia\u0142u Nauk Ekonomicznych Uniwersytetu Warszawskiego, gdzie obecnie wyk\u0142ada. Uczestniczy w post\u0119powaniu w sprawie nadania stopnia doktora w dyscyplinie ekonomia i finanse. Komisja Finans\u00f3w Publicznych zarekomendowa\u0142a Gabriel\u0119 Mas\u0142owsk\u0105 na cz\u0142onka RPP Za drugim razem w pa\u017adzierniku 2022 zosta\u0142a wybrana przez Sejm do tego gremium10 na sze\u015bcioletni\u0105 kadencj\u011911; w konsekwencji wygas\u0142 jej mandat poselski. Gabriela Mas\u0142owska z domu Szczuka (ur. 27 czerwca 1950 w Batorzu) \u2013 polska polityk, ekonomistka, nauczycielka akademicka, pos\u0142anka na Sejm IV, V, VI, VII, VIII i IX kadencji, cz\u0142onek Rady Polityki Pieni\u0119\u017cnej w kadencji 2022\u20132028. Maciej Szlinder zajmuje si\u0119 rozwi\u0105zaniami w polityce gospodarczej i spo\u0142ecznej. Wraz z zespo\u0142em wsp\u00f3\u0142pracownik\u00f3w przygotowa\u0142 RBA i jego wp\u0142yw na Aussie projekt programu pilota\u017cowego bezwarunkowego dochodu podstawowego w polskich gminach pogranicza polsko-rosyjskiego. Klub PiS zg\u0142osi\u0142 kandydatury Iwony Dudy i Gabrieli Mas\u0142owskiej do Rady Polityki Pieni\u0119\u017cnej pod koniec wrze\u015bnia tego roku. Klub PiS zg\u0142osi\u0142 kandydatury Iwony Dudy i Gabrieli Mas\u0142owskiej do Rady Polityki Pieni\u0119\u017cnej (RPP) pod koniec wrze\u015bnia tego roku. NBP odpowiada by\u0142ym szefom banku centralnego. &#8220;Nieprawdziwe tezy i zarzuty&#8221; We wtorek Komisja Finans\u00f3w Publicznych w g\u0142osowaniu zdecydowa\u0142a o poparciu pose\u0142 Gabrieli Mas\u0142owskiej na cz\u0142onka Rady Polityki Pieni\u0119\u017cnej. Pose\u0142 zosta\u0142a zg\u0142oszona przez grup\u0119 pos\u0142\u00f3w Klubu Parlamentarnego Prawo i Sprawiedliwo\u015b\u0107. Wcze\u015bniej Mas\u0142owska broni\u0142a prezesa NBP Adama Glapi\u0144skiego, przekonuj\u0105c, \u017ce nieprecyzyjne i chybione szacunki dotycz\u0105ce inflacji nie podwa\u017caj\u0105 jego wiarygodno\u015bci, &#8220;bo tak w\u0142a\u015bnie zmienia\u0142a si\u0119 sytuacja&#8221;. Podkre\u015bli\u0142a, \u017ce inflacja konsumencka spad\u0142a &#8220;znacznie i trwale&#8221;, co umo\u017cliwi\u0142o obni\u017cki st\u00f3p procentowych, a gospodarka i popyt konsumencki nie mog\u0105 by\u0107 dalej t\u0142umione do g\u0142\u0119bszych poziom\u00f3w. Zaznaczy\u0142a, \u017ce sytuacja jest bardzo dynamiczna, a dalsze decyzje b\u0119d\u0105 zale\u017ce\u0107 od tego, jakie dane b\u0119d\u0105 nap\u0142ywa\u0107. W trakcie obrad komisji Gabriela Mas\u0142owska odpowiada\u0142a na pytania pos\u0142\u00f3w. Pytanie o to, jakie b\u0142\u0119dy pope\u0142ni\u0142a obecna RPP w walce z inflacj\u0105. Uwa\u017cam, i m\u00f3wi\u0142am to wcze\u015bniej, \u017ce RPP nie pope\u0142ni\u0142a zasadniczego b\u0142\u0119du. Przyzna\u0142a, \u017ce Polska jest do tego zobowi\u0105zana, ale \u2013 wed\u0142ug niej \u2013 przed Uni\u0105 Europejsk\u0105 stoj\u0105 ogromne zmiany i mo\u017cliwe jest, \u017ce &#8220;przepisy nakazuj\u0105ce rezygnacj\u0119 z naszej waluty ulegn\u0105 zmianie&#8221;. S\u0142owa Mas\u0142owskiej skomentowa\u0142a w &#8220;Jeden na jeden&#8221; by\u0142a prezeska Narodowego Banku Polskiego Hanna Gronkiewicz-Waltz.\u2014 To jest dramat taka wypowied\u017a. Wcze\u015bniej Mas\u0142owska broni\u0142a prezesa NBP Adama Glapi\u0144skiego, przekonuj\u0105c, \u017ce nieprecyzyjne i chybione szacunki dotycz\u0105ce inflacji nie podwa\u017caj\u0105 jego wiarygodno\u015bci, &#8220;bo tak w\u0142a\u015bnie zmienia\u0142a si\u0119 sytuacja&#8221;. Mas\u0142owska ju\u017c raz kandydowa\u0142a do RPP, ale w\u00a0trakcie procedury si\u0119 wycofa\u0142a. Pose\u0142 zosta\u0142a zg\u0142oszona przez grup\u0119 pos\u0142\u00f3w Klubu Parlamentarnego Prawo i Sprawiedliwo\u015b\u0107. Perspektywa obni\u017cek st\u00f3p si\u0119 oddali\u0142a. GUS zrobi\u0142 badanie Z wykszta\u0142cenia jest ekonomistk\u0105, na Wydziale Ekonomicznym Uniwersytetu Marii Curie-Sk\u0142odowskiej w Lublinie uzyska\u0142a stopie\u0144 doktora nauk ekonomicznych. Rada"}